{"id":11304,"date":"2019-08-02T14:48:03","date_gmt":"2019-08-02T12:48:03","guid":{"rendered":"http:\/\/sup-gal.ig-edu.univ-paris13.fr\/index.php\/formation\/informatique-5\/"},"modified":"2024-03-11T11:34:45","modified_gmt":"2024-03-11T09:34:45","slug":"energetique-apprentissage","status":"publish","type":"page","link":"https:\/\/www.sup-galilee.univ-paris13.fr\/index.php\/formation\/energetique-apprentissage\/","title":{"rendered":"\u00c9nerg\u00e9tique Apprentissage"},"content":{"rendered":"<div id=\"pl-11304\"  class=\"panel-layout\" ><div id=\"pg-11304-0\"  class=\"panel-grid panel-no-style\" ><div id=\"pgc-11304-0-0\"  class=\"panel-grid-cell\" ><div id=\"panel-11304-0-0-0\" class=\"so-panel widget widget_heading panel-first-child panel-last-child\" data-index=\"0\" ><div class=\"panel-widget-style panel-widget-style-for-11304-0-0-0\" ><div class=\"thim-widget-heading template-base\"><div class=\"sc_heading  text-center\"><h2 style=\"color:#9b98cd;\" class=\"title\">\"Participez \u00e0 relever les challenges \u00e9nerg\u00e9tiques du monde de demain !\"<\/h2><\/div><\/div><\/div><\/div><\/div><\/div><div id=\"pg-11304-1\"  class=\"panel-grid panel-no-style\" ><div id=\"pgc-11304-1-0\"  class=\"panel-grid-cell\" ><div id=\"panel-11304-1-0-0\" class=\"so-panel widget widget_heading panel-first-child\" data-index=\"1\" ><div class=\"thim-widget-heading template-base\"><div class=\"sc_heading  text-left\"><h3 style=\"text-transform: uppercase;\" class=\"title\">Objectifs<\/h3><span class=\"line\"><\/span><\/div><\/div><\/div><div id=\"panel-11304-1-0-1\" class=\"so-panel widget widget_sow-editor panel-last-child\" data-index=\"2\" ><div\n\t\t\t\n\t\t\tclass=\"so-widget-sow-editor so-widget-sow-editor-base\"\n\t\t\t\n\t\t>\n<div class=\"siteorigin-widget-tinymce textwidget\">\n\t<p>Le parcours apprentis de cette sp\u00e9cialit\u00e9 a aujourd\u2019hui le <strong>m\u00eame r\u00e9f\u00e9rentiel de comp\u00e9tences<\/strong> que le parcours \u00e9tudiants. Il a pour objectif de r\u00e9pondre aux besoins des pouvoirs publics, des industriels et des entreprises du tertiaire dans le cadre de la <strong>transition \u00e9nerg\u00e9tique<\/strong>. L\u2019ing\u00e9nieur \u00e9nerg\u00e9ticien Sup Galil\u00e9e contribue aux enjeux environnementaux majeurs de notre \u00e9poque en am\u00e9liorant l\u2019<strong>efficacit\u00e9 \u00e9nerg\u00e9tique<\/strong> de <strong>nos industries<\/strong> et de <strong>nos b\u00e2timents<\/strong>.<\/p>\n<p>La <strong>forte \u00e9volution<\/strong> que conna\u00eet actuellement le <strong>secteur de l\u2019\u00e9nergie<\/strong>, de par les nouvelles directives environnementales, am\u00e8ne les acteurs de l\u2019industrie et du b\u00e2timent \u00e0 reconsid\u00e9rer leur approche en tant que consommateurs traditionnels d\u2019\u00e9nergie. De ce fait, la formation r\u00e9pond au besoin consid\u00e9rable et imm\u00e9diat en<strong> ing\u00e9nierie des fili\u00e8res et vecteurs d\u2019\u00e9nergie.<\/strong><\/p>\n<p>La formation d\u2019ing\u00e9nieur en apprentissage alterne entre p\u00e9riodes<strong> en entreprises<\/strong> et p\u00e9riodes de<strong> cours \u00e0 l\u2019\u00c9cole<\/strong> et <strong>propose deux sp\u00e9cialisations en 3\u00e8me ann\u00e9e<\/strong> :<\/p>\n<ul>\n<li>ing\u00e9nierie \u00e9nerg\u00e9tique <strong>pour l'industrie<\/strong> : savoir proposer des solutions optimales pour une application et un contexte donn\u00e9 en termes de fili\u00e8res \u00e9nerg\u00e9tiques : \u00e9nergies fossiles, \u00e9lectricit\u00e9, renouvelables<\/li>\n<li>ing\u00e9nierie \u00e9nerg\u00e9tique <strong>pour le b\u00e2timent<\/strong> : savoir concevoir et mettre en \u0153uvre les outils am\u00e9liorant le comportement \u00e9nerg\u00e9tique des b\u00e2timents existants et des nouveaux b\u00e2timents<\/li>\n<\/ul>\n<\/div>\n<\/div><\/div><\/div><div id=\"pgc-11304-1-1\"  class=\"panel-grid-cell\" ><div id=\"panel-11304-1-1-0\" class=\"so-panel widget widget_siteorigin-panels-builder panel-first-child panel-last-child\" data-index=\"3\" ><div class=\"panel-widget-style panel-widget-style-for-11304-1-1-0\" ><div id=\"pl-w65cf299d3be78\"  class=\"panel-layout\" ><div id=\"pg-w65cf299d3be78-0\"  class=\"panel-grid panel-no-style\" ><div id=\"pgc-w65cf299d3be78-0-0\"  class=\"panel-grid-cell\" ><div id=\"panel-w65cf299d3be78-0-0-0\" class=\"so-panel widget widget_sow-editor panel-first-child\" data-index=\"0\" ><div\n\t\t\t\n\t\t\tclass=\"so-widget-sow-editor so-widget-sow-editor-base\"\n\t\t\t\n\t\t>\n<div class=\"siteorigin-widget-tinymce textwidget\">\n\t<p><strong>Type de dipl\u00f4me :<\/strong> Formation d'ing\u00e9nieur<\/p>\n<p><strong>Niveau d\u2019\u00e9tude :<\/strong> Bac+5<\/p>\n<p><strong>Grade :<\/strong> Master<\/p>\n<p><strong>Rythme :<\/strong> alternance (1 mois entreprise\/1 mois \u00e9cole)<\/p>\n<p><strong>Dur\u00e9e :<\/strong> 3 ans - contrat d\u2019apprentissage<\/p>\n<p><strong>Accessibilit\u00e9 :<\/strong> concours Polytech niveau Bac+2 (CPGE) ou dossier et entretien niveaux BUT L2 L3<\/p>\n<p><strong>Statut :<\/strong> apprentissage - salari\u00e9<\/p>\n<p><strong>Recrutement :<\/strong> par l\u2019\u00c9cole, l\u2019entreprise et le CFA<\/p>\n<p><strong>Contact secr\u00e9tariat :<\/strong> 01 49 40 35 52<br \/>\nenergetique.sup.galilee@univ-paris13.fr<\/p>\n<\/div>\n<\/div><\/div><div id=\"panel-w65cf299d3be78-0-0-1\" class=\"so-panel widget widget_sow-button panel-last-child\" data-index=\"1\" ><div\n\t\t\t\n\t\t\tclass=\"so-widget-sow-button so-widget-sow-button-atom-88c922ee6212\"\n\t\t\t\n\t\t><div class=\"ow-button-base ow-button-align-center\"\n>\n\t\t\t<a\n\t\t\t\t\thref=\"\/wp-content\/uploads\/2024\/01\/Sup-Galilee-Fiche-formation-Ingenieur-Energetique.pdf\"\n\t\t\t\t\tclass=\"sowb-button ow-icon-placement-left ow-button-hover\" target=\"_blank\" rel=\"noopener noreferrer\" \t>\n\t\t<span>\n\t\t\t<span class=\"sow-icon-elegantline\" data-sow-icon=\"&#xe008;\"\n\t\tstyle=\"\" \n\t\taria-hidden=\"true\"><\/span>\n\t\t\tFiche formation\t\t<\/span>\n\t\t\t<\/a>\n\t<\/div>\n<\/div><\/div><\/div><\/div><\/div><\/div><\/div><\/div><\/div><div id=\"pg-11304-2\"  class=\"panel-grid panel-no-style\" ><div id=\"pgc-11304-2-0\"  class=\"panel-grid-cell\" ><div id=\"panel-11304-2-0-0\" class=\"so-panel widget widget_heading panel-first-child panel-last-child\" data-index=\"4\" ><div class=\"thim-widget-heading template-base\"><div class=\"sc_heading  text-left\"><h3 style=\"text-transform: uppercase;\" class=\"title\">D\u00e9roul\u00e9 de la formation<\/h3><span class=\"line\"><\/span><\/div><\/div><\/div><\/div><\/div><div id=\"pg-11304-3\"  class=\"panel-grid panel-no-style\" ><div id=\"pgc-11304-3-0\"  class=\"panel-grid-cell\" ><div id=\"panel-11304-3-0-0\" class=\"so-panel widget widget_sow-editor panel-first-child\" data-index=\"5\" ><div\n\t\t\t\n\t\t\tclass=\"so-widget-sow-editor so-widget-sow-editor-base\"\n\t\t\t\n\t\t>\n<div class=\"siteorigin-widget-tinymce textwidget\">\n\t<h4>Ann\u00e9e 1<\/h4>\n<\/div>\n<\/div><\/div><div id=\"panel-11304-3-0-1\" class=\"so-panel widget widget_sow-editor\" data-index=\"6\" ><div class=\"panel-widget-style panel-widget-style-for-11304-3-0-1\" ><div\n\t\t\t\n\t\t\tclass=\"so-widget-sow-editor so-widget-sow-editor-base\"\n\t\t\t\n\t\t>\n<div class=\"siteorigin-widget-tinymce textwidget\">\n\t<p><b>Formation aux savoirs de bases de l\u2019ing\u00e9nieur \u00e9nerg\u00e9ticien<\/b><\/p>\n<\/div>\n<\/div><\/div><\/div><div id=\"panel-11304-3-0-2\" class=\"so-panel widget widget_sow-editor panel-last-child\" data-index=\"7\" ><div\n\t\t\t\n\t\t\tclass=\"so-widget-sow-editor so-widget-sow-editor-base\"\n\t\t\t\n\t\t>\n<div class=\"siteorigin-widget-tinymce textwidget\">\n\t<p>Un socle de connaissances fondamentales pour le futur ing\u00e9nieur est dispens\u00e9 en premi\u00e8re ann\u00e9e, comprenant :<\/p>\n<ul>\n<li>une <strong>formation de base<\/strong> commune aux \u00e9l\u00e8ves ing\u00e9nieurs de Sup Galil\u00e9e : en Culture Ing\u00e9nieur, math\u00e9matiques, informatique et anglais<\/li>\n<li>des <strong>cours sp\u00e9cifiques<\/strong> au domaine \u00e9nerg\u00e9tique : thermodynamique, transferts thermiques, m\u00e9canique des fluides, \u00e9lectrotechnique et mat\u00e9riaux<\/li>\n<li>une <strong>sensibilisation<\/strong> aux th\u00e9matiques de la transition \u00e9nerg\u00e9tique avec des activit\u00e9s vari\u00e9es : conf\u00e9rences, fresque du climat, projets \u00e9tudiants<\/li>\n<\/ul>\n<\/div>\n<\/div><\/div><\/div><div id=\"pgc-11304-3-1\"  class=\"panel-grid-cell\" ><div id=\"panel-11304-3-1-0\" class=\"so-panel widget widget_sow-editor panel-first-child\" data-index=\"8\" ><div\n\t\t\t\n\t\t\tclass=\"so-widget-sow-editor so-widget-sow-editor-base\"\n\t\t\t\n\t\t>\n<div class=\"siteorigin-widget-tinymce textwidget\">\n\t<h4>Ann\u00e9e 2<\/h4>\n<\/div>\n<\/div><\/div><div id=\"panel-11304-3-1-1\" class=\"so-panel widget widget_sow-editor\" data-index=\"9\" ><div class=\"panel-widget-style panel-widget-style-for-11304-3-1-1\" ><div\n\t\t\t\n\t\t\tclass=\"so-widget-sow-editor so-widget-sow-editor-base\"\n\t\t\t\n\t\t>\n<div class=\"siteorigin-widget-tinymce textwidget\">\n\t<p><b>Approfondissement en sciences de l\u2019\u00e9nergie<\/b><\/p>\n<\/div>\n<\/div><\/div><\/div><div id=\"panel-11304-3-1-2\" class=\"so-panel widget widget_sow-editor panel-last-child\" data-index=\"10\" ><div\n\t\t\t\n\t\t\tclass=\"so-widget-sow-editor so-widget-sow-editor-base\"\n\t\t\t\n\t\t>\n<div class=\"siteorigin-widget-tinymce textwidget\">\n\t<p>Cette ann\u00e9e est consacr\u00e9e \u00e0 la consolidation du socle commun et \u00e0 l\u2019acquisition de comp\u00e9tences nouvelles plus sp\u00e9cialis\u00e9es avec :<\/p>\n<ul>\n<li>des <strong>cours sp\u00e9cifiques plus avanc\u00e9s<\/strong> : thermodynamique, m\u00e9canique des fluides, physique et technologie des syst\u00e8mes de conversion d\u2019\u00e9nergie de diff\u00e9rentes formes (\u00e9lectrique, thermique, radiative, chimique, cin\u00e9tique\u2026)<\/li>\n<li>des <strong>concepts tr\u00e8s concrets<\/strong> : moteurs, photovolta\u00efque, machines \u00e9lectriques, production de froid\u2026<\/li>\n<li>l\u2019<strong>\u00e9tude de l\u2019\u00e9nergie<\/strong> en tant que bien marchand : de la structure du march\u00e9 aux diff\u00e9rents strat\u00e9gies mises en place \u00e0 travers le monde pour accompagner la transition \u00e9nerg\u00e9tique<\/li>\n<\/ul>\n<\/div>\n<\/div><\/div><\/div><div id=\"pgc-11304-3-2\"  class=\"panel-grid-cell\" ><div id=\"panel-11304-3-2-0\" class=\"so-panel widget widget_sow-editor panel-first-child\" data-index=\"11\" ><div\n\t\t\t\n\t\t\tclass=\"so-widget-sow-editor so-widget-sow-editor-base\"\n\t\t\t\n\t\t>\n<div class=\"siteorigin-widget-tinymce textwidget\">\n\t<h4>Ann\u00e9e 3<\/h4>\n<\/div>\n<\/div><\/div><div id=\"panel-11304-3-2-1\" class=\"so-panel widget widget_sow-editor\" data-index=\"12\" ><div class=\"panel-widget-style panel-widget-style-for-11304-3-2-1\" ><div\n\t\t\t\n\t\t\tclass=\"so-widget-sow-editor so-widget-sow-editor-base\"\n\t\t\t\n\t\t>\n<div class=\"siteorigin-widget-tinymce textwidget\">\n\t<p><b>Perfectionnement vers l\u2019insertion professionnelle <\/b><\/p>\n<\/div>\n<\/div><\/div><\/div><div id=\"panel-11304-3-2-2\" class=\"so-panel widget widget_sow-editor panel-last-child\" data-index=\"13\" ><div\n\t\t\t\n\t\t\tclass=\"so-widget-sow-editor so-widget-sow-editor-base\"\n\t\t\t\n\t\t>\n<div class=\"siteorigin-widget-tinymce textwidget\">\n\t<p>Les cours sont dispens\u00e9s essentiellement par des intervenants en poste dans le monde industriel. Les \u00e9tudiants choisissent entre deux options :<\/p>\n<ul>\n<li><strong>efficacit\u00e9 \u00e9nerg\u00e9tique pour l\u2019industrie<\/strong> pour optimiser la consommation d\u2019\u00e9nergie au sein des industries avec l\u2019\u00e9tude de proc\u00e9d\u00e9s tel que la d\u00e9carbonation, le stockage et le transport de sources et de vecteurs liquides, gazeux ou \u00e9lectriques (smartgrids), le pilotage de projets de d\u00e9veloppement d\u2019\u00e9nergies renouvelables, l\u2019optimisation de r\u00e9seau de chaleur<\/li>\n<li><strong>efficacit\u00e9 \u00e9nerg\u00e9tique pour le b\u00e2timent<\/strong> avec un compl\u00e9ment de formation thermique du b\u00e2timent (dont la simulation thermique dynamique) et des notions li\u00e9es au confort \u00e0 travers le g\u00e9nie climatique, l\u2019acoustique et l\u2019\u00e9clairage<\/li>\n<\/ul>\n<p>Cette derni\u00e8re ann\u00e9e permet aux futurs ing\u00e9nieurs \u00e9nerg\u00e9ticiens :<\/p>\n<ul>\n<li>d\u2019enrichir leurs comp\u00e9tences sur les divers secteurs \u00e9nerg\u00e9tiques : gaz, p\u00e9trole, nucl\u00e9aire, \u00e9olien, hydrog\u00e8ne, g\u00e9othermie\u2026<\/li>\n<li>de prendre connaissances de nouveaux outils : la Gestion Technique Centralis\u00e9e ou l\u2019Analyse du Cycle de Vie<\/li>\n<\/ul>\n<\/div>\n<\/div><\/div><\/div><\/div><div id=\"pg-11304-4\"  class=\"panel-grid panel-no-style\" ><div id=\"pgc-11304-4-0\"  class=\"panel-grid-cell\" ><div id=\"panel-11304-4-0-0\" class=\"so-panel widget widget_heading panel-first-child panel-last-child\" data-index=\"14\" ><div class=\"thim-widget-heading template-base\"><div class=\"sc_heading  text-left\"><h3 style=\"text-transform: uppercase;\" class=\"title\">En entreprise<\/h3><span class=\"line\"><\/span><\/div><\/div><\/div><\/div><\/div><div id=\"pg-11304-5\"  class=\"panel-grid panel-no-style\" ><div id=\"pgc-11304-5-0\"  class=\"panel-grid-cell\" ><div id=\"panel-11304-5-0-0\" class=\"so-panel widget widget_sow-editor panel-first-child panel-last-child\" data-index=\"15\" ><div\n\t\t\t\n\t\t\tclass=\"so-widget-sow-editor so-widget-sow-editor-base\"\n\t\t\t\n\t\t>\n<div class=\"siteorigin-widget-tinymce textwidget\">\n\t<p>Les \u00e9tudiants apprentis en entreprise travaillent dans les <strong>diff\u00e9rents secteurs de l'\u00e9nergie<\/strong> qui couvrent un grand nombre de disciplines, de domaines d'activit\u00e9 et de m\u00e9tiers. Leurs missions vont de la mise en place de <strong>strat\u00e9gies optimales de mix \u00e9nerg\u00e9tique<\/strong> \u00e0 travers diff\u00e9rentes fili\u00e8res pour un contexte donn\u00e9, \u00e0 la <strong>conception et mise en \u0153uvre de solutions techniques innovantes<\/strong>, en passant par l'<strong>optimisation de l'efficacit\u00e9 \u00e9nerg\u00e9tique<\/strong> des syst\u00e8mes industriels et\/ou des b\u00e2timents.<\/p>\n<p>Les <strong>entreprises accueillant nos \u00e9tudiants apprentis<\/strong> pendant leur formation se situent dans des secteurs vari\u00e9s de l'\u00e9nerg\u00e9tique :<\/p>\n<ul>\n<li>le b\u00e2timent : Saga Tertiaire, IDEX, Bouygues Construction\u2026<\/li>\n<li>le transport : SNCF, Renault, ADP\u2026<\/li>\n<li>l'industrie : GRDF, AREVA, EDF\u2026<\/li>\n<\/ul>\n<\/div>\n<\/div><\/div><\/div><div id=\"pgc-11304-5-1\"  class=\"panel-grid-cell\" ><div id=\"panel-11304-5-1-0\" class=\"so-panel widget widget_sow-editor panel-first-child panel-last-child\" data-index=\"16\" ><div\n\t\t\t\n\t\t\tclass=\"so-widget-sow-editor so-widget-sow-editor-base\"\n\t\t\t\n\t\t>\n<div class=\"siteorigin-widget-tinymce textwidget\">\n\t<p>Les \u00e9tudiants apprentis seront amen\u00e9s \u00e0 r\u00e9aliser <strong>diverses missions<\/strong> durant les p\u00e9riodes <strong>en entreprises<\/strong> :<\/p>\n<ul>\n<li>d\u00e9finir les besoins : relev\u00e9s sur site, consultation des entreprises<\/li>\n<li>\u00e9tudier, dimensionner et optimiser les installations : r\u00e9alisation de plans, calculs, chiffrages\u2026<\/li>\n<li>mettre en place des outils, des indicateurs de performance et des tests en laboratoire ou sur site<\/li>\n<li>\u00e9laborer des devis, des rapports techniques, des cahiers des charges et aider \u00e0 la constitution des dossiers d'appels d'offres<\/li>\n<li>suivre des demandes et dossiers : r\u00e9ponses \u00e0 appels d'offres, visite de chantier<\/li>\n<\/ul>\n<\/div>\n<\/div><\/div><\/div><\/div><div id=\"pg-11304-6\"  class=\"panel-grid panel-no-style\" ><div id=\"pgc-11304-6-0\"  class=\"panel-grid-cell\" ><div id=\"panel-11304-6-0-0\" class=\"so-panel widget widget_heading panel-first-child panel-last-child\" data-index=\"17\" ><div class=\"thim-widget-heading template-base\"><div class=\"sc_heading  text-left\"><h3 style=\"text-transform: uppercase;\" class=\"title\">Et apr\u00e8s ?<\/h3><span class=\"line\"><\/span><\/div><\/div><\/div><\/div><\/div><div id=\"pg-11304-7\"  class=\"panel-grid panel-no-style\" ><div id=\"pgc-11304-7-0\"  class=\"panel-grid-cell\" ><div id=\"panel-11304-7-0-0\" class=\"so-panel widget widget_sow-editor panel-first-child panel-last-child\" data-index=\"18\" ><div\n\t\t\t\n\t\t\tclass=\"so-widget-sow-editor so-widget-sow-editor-base\"\n\t\t\t\n\t\t>\n<div class=\"siteorigin-widget-tinymce textwidget\">\n\t<p>Les \u00e9tudiants apprentis acqui\u00e8rent une exp\u00e9rience professionnelle les rapprochant rapidement de leur futur m\u00e9tier d'ing\u00e9nieur, en \u00e9tant <strong>d\u00e9j\u00e0 form\u00e9s et op\u00e9rationnels<\/strong> lors de leur arriv\u00e9e sur le march\u00e9 du travail.<\/p>\n<p>Le secteur de l\u2019\u00e9nergie est extr\u00eamement vaste et les futurs ing\u00e9nieurs \u00e9nerg\u00e9tiques peuvent \u00e9voluer \u00e0 la suite du cursus dans divers domaines comme le <strong>b\u00e2timent<\/strong> ou l\u2019<strong>industrie<\/strong> mais aussi dans diverses structures : <strong>bureaux d\u2019\u00e9tudes<\/strong>, <strong>collectivit\u00e9s territoriales<\/strong> ou <strong>entreprises<\/strong> allant des PME aux g\u00e9ants internationaux telles que les grandes compagnies p\u00e9troli\u00e8res.<\/p>\n<\/div>\n<\/div><\/div><\/div><div id=\"pgc-11304-7-1\"  class=\"panel-grid-cell\" ><div id=\"panel-11304-7-1-0\" class=\"so-panel widget widget_sow-editor panel-first-child panel-last-child\" data-index=\"19\" ><div\n\t\t\t\n\t\t\tclass=\"so-widget-sow-editor so-widget-sow-editor-base\"\n\t\t\t\n\t\t>\n<div class=\"siteorigin-widget-tinymce textwidget\">\n\t<p>Ce secteur est caract\u00e9ris\u00e9 par une forte activit\u00e9 sur les sites de production et d\u2019exploitation, en France comme \u00e0 l\u2019\u00e9tranger, ce qui implique une <strong>mobilit\u00e9<\/strong> et une <strong>maitrise de l\u2019anglais<\/strong> des employ\u00e9s (d\u2019o\u00f9 l\u2019exigence en anglais du niveau B2).<\/p>\n<\/div>\n<\/div><\/div><\/div><\/div><div id=\"pg-11304-8\"  class=\"panel-grid panel-has-style\" ><div class=\"panel-row-style panel-row-style-for-11304-8\" ><div id=\"pgc-11304-8-0\"  class=\"panel-grid-cell\" ><div id=\"panel-11304-8-0-0\" class=\"so-panel widget widget_sow-editor panel-first-child panel-last-child\" data-index=\"20\" ><div\n\t\t\t\n\t\t\tclass=\"so-widget-sow-editor so-widget-sow-editor-base\"\n\t\t\t\n\t\t>\n<div class=\"siteorigin-widget-tinymce textwidget\">\n\t<h3><strong>Ing\u00e9nieur-e en \u00e9nergie solaire<\/strong><\/h3>\n<p>L'Ing\u00e9nieur en \u00e9nergie solaire a pour objectif de <strong>maximiser l'utilisation de l'\u00e9nergie solaire<\/strong>. Il utilise deux techniques pour cela : le solaire thermique qui permet de produire de l'eau chaude ou du chauffage, et le solaire photovolta\u00efque qui permet de produire de l'\u00e9lectricit\u00e9. Il est responsable de la <strong>conception des installations<\/strong> qui convertissent les rayons solaires en \u00e9nergie, g\u00e9n\u00e9ralement en int\u00e9grant des <strong>panneaux photovolta\u00efques<\/strong> sur les toits des b\u00e2timents ou en impl\u00e9mentant des <strong>centrales solaires<\/strong> sur des terrains de grande surface. Il est \u00e9galement responsable des aspects techniques et administratifs tels que les \u00e9tudes environnementales, les choix techniques, les demandes d'autorisations et la coordination avec les entreprises sp\u00e9cialis\u00e9es qui effectuent les travaux. Enfin, il <strong>conseille<\/strong> les clients sur les potentielles <strong>aides apport\u00e9es par l\u2019\u00c9tat<\/strong> pour s\u2019\u00e9quiper en technologies solaires.<\/p>\n<\/div>\n<\/div><\/div><\/div><div id=\"pgc-11304-8-1\"  class=\"panel-grid-cell\" ><div id=\"panel-11304-8-1-0\" class=\"so-panel widget widget_sow-editor panel-first-child panel-last-child\" data-index=\"21\" ><div\n\t\t\t\n\t\t\tclass=\"so-widget-sow-editor so-widget-sow-editor-base\"\n\t\t\t\n\t\t>\n<div class=\"siteorigin-widget-tinymce textwidget\">\n\t<p><img loading=\"lazy\" decoding=\"async\" class=\"alignnone size-medium wp-image-3070\" src=\"https:\/\/sup-gal.ig-edu.univ-paris13.fr\/wp-content\/uploads\/2015\/06\/course-3-300x172.jpg\" alt=\"\" width=\"300\" height=\"172\" srcset=\"https:\/\/www.sup-galilee.univ-paris13.fr\/wp-content\/uploads\/2015\/06\/course-3-300x172.jpg 300w, https:\/\/www.sup-galilee.univ-paris13.fr\/wp-content\/uploads\/2015\/06\/course-3-768x441.jpg 768w, https:\/\/www.sup-galilee.univ-paris13.fr\/wp-content\/uploads\/2015\/06\/course-3-600x345.jpg 600w, https:\/\/www.sup-galilee.univ-paris13.fr\/wp-content\/uploads\/2015\/06\/course-3.jpg 870w\" sizes=\"auto, (max-width: 300px) 100vw, 300px\" \/><\/p>\n<\/div>\n<\/div><\/div><\/div><\/div><\/div><div id=\"pg-11304-9\"  class=\"panel-grid panel-has-style\" ><div class=\"panel-row-style panel-row-style-for-11304-9\" ><div id=\"pgc-11304-9-0\"  class=\"panel-grid-cell\" ><div id=\"panel-11304-9-0-0\" class=\"so-panel widget widget_sow-editor panel-first-child panel-last-child\" data-index=\"22\" ><div\n\t\t\t\n\t\t\tclass=\"so-widget-sow-editor so-widget-sow-editor-base\"\n\t\t\t\n\t\t>\n<div class=\"siteorigin-widget-tinymce textwidget\">\n\t<p><img loading=\"lazy\" decoding=\"async\" class=\"alignnone size-medium wp-image-3872\" src=\"https:\/\/sup-gal.ig-edu.univ-paris13.fr\/wp-content\/uploads\/2016\/01\/hero_slide_3-300x199.jpg\" alt=\"\" width=\"300\" height=\"199\" srcset=\"https:\/\/www.sup-galilee.univ-paris13.fr\/wp-content\/uploads\/2016\/01\/hero_slide_3-300x199.jpg 300w, https:\/\/www.sup-galilee.univ-paris13.fr\/wp-content\/uploads\/2016\/01\/hero_slide_3-768x510.jpg 768w, https:\/\/www.sup-galilee.univ-paris13.fr\/wp-content\/uploads\/2016\/01\/hero_slide_3-1024x680.jpg 1024w, https:\/\/www.sup-galilee.univ-paris13.fr\/wp-content\/uploads\/2016\/01\/hero_slide_3-600x398.jpg 600w, https:\/\/www.sup-galilee.univ-paris13.fr\/wp-content\/uploads\/2016\/01\/hero_slide_3.jpg 1920w\" sizes=\"auto, (max-width: 300px) 100vw, 300px\" \/><\/p>\n<\/div>\n<\/div><\/div><\/div><div id=\"pgc-11304-9-1\"  class=\"panel-grid-cell\" ><div id=\"panel-11304-9-1-0\" class=\"so-panel widget widget_sow-editor panel-first-child panel-last-child\" data-index=\"23\" ><div\n\t\t\t\n\t\t\tclass=\"so-widget-sow-editor so-widget-sow-editor-base\"\n\t\t\t\n\t\t>\n<div class=\"siteorigin-widget-tinymce textwidget\">\n\t<h3>Ing\u00e9nieur-e en \u00e9nerg\u00e9tique du b\u00e2timent<\/h3>\n<p>L'Ing\u00e9nieur en efficacit\u00e9 \u00e9nerg\u00e9tique du b\u00e2timent est r<strong>esponsable de la r\u00e9duction de la consommation d'\u00e9nergie<\/strong> (et donc des co\u00fbts) dans les projets immobiliers en effectuant un <strong>diagnostic \u00e9nerg\u00e9tique<\/strong> et en proposant des solutions. Il travaille en \u00e9troite collaboration avec les ma\u00eetres d'ouvrage lors de la phase de conception d'un projet de construction en \u00e9tudiant l'orientation du b\u00e2timent, les surfaces vitr\u00e9es, le choix des \u00e9quipements thermiques et en effectuant des <strong>simulations de consommation d'\u00e9nergie<\/strong>. Dans le cadre d'un projet de r\u00e9novation, il calcule le niveau d'isolation, les consommations d'\u00e9nergie pour le chauffage, l'\u00e9clairage, la climatisation, etc. Il r\u00e9alise des mesures \u00e0 l'aide d'appareils sp\u00e9cifiques et interroge les utilisateurs sur leurs habitudes et leurs ressentis. Il \u00e9labore ensuite des solutions pour <strong>\u00e9conomiser ou ma\u00eetriser l'\u00e9nergie<\/strong> en estimant les <strong>co\u00fbts d'investissement<\/strong> et les \u00e9conomies \u00e0 r\u00e9aliser. Il peut proposer des actions d'isolation, de changements d'utilisation ou d'installations d'\u00e9quipements utilisant des<strong> \u00e9nergies renouvelables.<\/strong><\/p>\n<\/div>\n<\/div><\/div><\/div><\/div><\/div><div id=\"pg-11304-10\"  class=\"panel-grid panel-has-style\" ><div class=\"panel-row-style panel-row-style-for-11304-10\" ><div id=\"pgc-11304-10-0\"  class=\"panel-grid-cell\" ><div id=\"panel-11304-10-0-0\" class=\"so-panel widget widget_sow-editor panel-first-child panel-last-child\" data-index=\"24\" ><div\n\t\t\t\n\t\t\tclass=\"so-widget-sow-editor so-widget-sow-editor-base\"\n\t\t\t\n\t\t>\n<div class=\"siteorigin-widget-tinymce textwidget\">\n\t<h3>Ing\u00e9nieur-e en \u00e9nergies renouvelables<\/h3>\n<p>L'Ing\u00e9nieur R&amp;D en \u00e9nergies renouvelables a pour t\u00e2che d'<strong>am\u00e9liorer les techniques existantes<\/strong> ou de <strong>d\u00e9velopper de nouvelles technologies<\/strong> dans les domaines de la biomasse, l'\u00e9olien, l'hydraulique, le solaire et la g\u00e9othermie, en respectant les <strong>normes environnementales<\/strong> ainsi que les <strong>exigences \u00e9conomiques<\/strong>. Il travaille en collaboration avec des chercheurs et des techniciens dans les centres de recherche, les bureaux d'\u00e9tudes des grandes entreprises et les laboratoires de la fonction publique. Avec <strong>l'augmentation de la demande pour les \u00e9nergies renouvelables<\/strong>, il y a un avenir prometteur pour ces professionnels hautement qualifi\u00e9s qui ma\u00eetrisent les techniques, ainsi que les comp\u00e9tences en communication et en anglais.<\/p>\n<\/div>\n<\/div><\/div><\/div><div id=\"pgc-11304-10-1\"  class=\"panel-grid-cell\" ><div id=\"panel-11304-10-1-0\" class=\"so-panel widget widget_sow-editor panel-first-child panel-last-child\" data-index=\"25\" ><div\n\t\t\t\n\t\t\tclass=\"so-widget-sow-editor so-widget-sow-editor-base\"\n\t\t\t\n\t\t>\n<div class=\"siteorigin-widget-tinymce textwidget\">\n\t<p><img loading=\"lazy\" decoding=\"async\" class=\"alignnone size-medium wp-image-11117\" src=\"https:\/\/sup-gal.ig-edu.univ-paris13.fr\/wp-content\/uploads\/2019\/07\/\u00e9nerg\u00e9tique-300x199.jpg\" alt=\"\" width=\"300\" height=\"199\" srcset=\"https:\/\/www.sup-galilee.univ-paris13.fr\/wp-content\/uploads\/2019\/07\/\u00e9nerg\u00e9tique-300x199.jpg 300w, https:\/\/www.sup-galilee.univ-paris13.fr\/wp-content\/uploads\/2019\/07\/\u00e9nerg\u00e9tique-768x509.jpg 768w, https:\/\/www.sup-galilee.univ-paris13.fr\/wp-content\/uploads\/2019\/07\/\u00e9nerg\u00e9tique.jpg 960w\" sizes=\"auto, (max-width: 300px) 100vw, 300px\" \/><\/p>\n<\/div>\n<\/div><\/div><\/div><\/div><\/div><div id=\"pg-11304-11\"  class=\"panel-grid panel-no-style\" ><div id=\"pgc-11304-11-0\"  class=\"panel-grid-cell\" ><div id=\"panel-11304-11-0-0\" class=\"so-panel widget widget_heading panel-first-child panel-last-child\" data-index=\"26\" ><div class=\"panel-widget-style panel-widget-style-for-11304-11-0-0\" ><div class=\"thim-widget-heading template-base\"><div class=\"sc_heading  text-left\"><h3 style=\"text-transform: uppercase;\" class=\"title\">T\u00e9moignages d'anciens dipl\u00f4m\u00e9s<\/h3><span class=\"line\"><\/span><\/div><\/div><\/div><\/div><\/div><\/div><div id=\"pg-11304-12\"  class=\"panel-grid panel-no-style\" ><div id=\"pgc-11304-12-0\"  class=\"panel-grid-cell\" ><div id=\"panel-11304-12-0-0\" class=\"so-panel widget widget_sow-testimonials panel-first-child panel-last-child\" data-index=\"27\" ><div\n\t\t\t\n\t\t\tclass=\"so-widget-sow-testimonials so-widget-sow-testimonials-default-645c34018b7e-11304\"\n\t\t\t\n\t\t><div class=\"sow-testimonials\">\n\t\t\t\t\t<div class=\"sow-testimonial-wrapper sow-user-left sow-layout-text-above\">\n\t\t\t<div class=\"sow-testimonial\">\n\t\t\t\t\t\t\t\t\t<div class=\"sow-testimonial-text\">\n\t\t\t\t\t\t<p><em>\"J\u2019ai choisi l\u2019\u00e9cole d\u2019ing\u00e9nieur gr\u00e2ce \u00e0 sa proximit\u00e9 g\u00e9ographique avec Paris. Je ne souhaitais pas trop m\u2019excentrer. Je voulais travailler dans le domaine de l\u2019\u00e9nergie et j\u2019ai d\u00e9couvert cette formation via le site internet du r\u00e9seau Geipi Polytech. J\u2019ai d\u2019abord effectu\u00e9 un cursus pr\u00e9paratoire en CP2I puis, j\u2019ai int\u00e9gr\u00e9 la sp\u00e9cialit\u00e9 ing\u00e9nieur en \u00e9nerg\u00e9tique. Cette formation offre de vraies comp\u00e9tences professionnelles et une coh\u00e9rence dans l\u2019\u00e9volution du programme d\u2019enseignement. La formation \u00e9volue crescendo et l\u2019apprentissage s\u2019effectue par paliers pertinents. Nous sommes en lien constant avec les attentes du monde industriel et les diff\u00e9rentes probl\u00e9matiques li\u00e9es au d\u00e9veloppement du secteur \u00e9nerg\u00e9tique [...].\"<\/em><\/p>\n\t\t\t\t\t<\/div>\n\t\t\t\t\n\t\t\t\t<div class=\"sow-testimonial-user\">\n\t\t\t\t\t\n\t\t\t\t\t<div class=\"sow-text\">\n\t\t\t\t\t\t\t\t\t\t\t\t\t<span class=\"sow-testimonial-name\"><strong>Samy HAMDY (Ancien \u00e9tudiant \u00c9nerg\u00e9tique Promotion 2014)<\/strong><\/span>\n\t\t\t\t\t\t\t\t\t\t\t\t\t\t\t\t\t\t\t\t\t\t\t\t\t<span class=\"sow-testimonial-location\">Ing\u00e9nieur \u00e9nerg\u00e9ticien<\/span>\n\t\t\t\t\t\t\t\t\t\t\t\t\t\t\t\t\t<\/div>\n\t\t\t\t<\/div>\n\n\t\t\t\t\t\t\t<\/div>\n\t\t<\/div>\n\t\t\t\t\t<div class=\"sow-testimonial-wrapper sow-user-left sow-layout-text-above\">\n\t\t\t<div class=\"sow-testimonial\">\n\t\t\t\t\t\t\t\t\t<div class=\"sow-testimonial-text\">\n\t\t\t\t\t\t<p><em>\"La formation dispens\u00e9e par Sup'Galil\u00e9e procure un socle de connaissances g\u00e9n\u00e9ralistes avec une sp\u00e9cialisation progressive et en phase avec les \u00e9volutions r\u00e9glementaires et technologiques du m\u00e9tier d'ing\u00e9nieur \u00e9nerg\u00e9ticien. Cela m'a permis de pouvoir intervenir sur des missions de diff\u00e9rentes natures sans \u00eatre cloisonn\u00e9 dans un seul champ de comp\u00e9tences ou un seul secteur en particulier. Aussi, en 10 ans, j'ai eu l'opportunit\u00e9 de travailler dans 2 secteurs diff\u00e9rents -B\u00e2timent (Industriel, hospitalier, tertiaire...) et Agriculture- et aborder diff\u00e9rentes th\u00e9matiques : G\u00e9nie climatique et fluides, \u00e9nergies renouvelables et alternatives, transition \u00e9nerg\u00e9tique et d\u00e9carbonation. Je suis heureux de maintenir le contact avec Sup'Galil\u00e9e en contribuant \u00e0 la formation en tant qu'intervenant en 3\u00e8me ann\u00e9e du cycle ing\u00e9nieur.\"<\/em><\/p>\n\t\t\t\t\t<\/div>\n\t\t\t\t\n\t\t\t\t<div class=\"sow-testimonial-user\">\n\t\t\t\t\t\n\t\t\t\t\t<div class=\"sow-text\">\n\t\t\t\t\t\t\t\t\t\t\t\t\t<span class=\"sow-testimonial-name\"><strong>Mohammed SOUIHEL (Ancien \u00e9tudiant \u00c9nerg\u00e9tique Promotion 2014)<\/strong><\/span>\n\t\t\t\t\t\t\t\t\t\t\t\t\t\t\t\t\t\t\t\t\t\t\t\t\t<span class=\"sow-testimonial-location\">Ing\u00e9nieur \u00e9nerg\u00e9ticien<\/span>\n\t\t\t\t\t\t\t\t\t\t\t\t\t\t\t\t\t<\/div>\n\t\t\t\t<\/div>\n\n\t\t\t\t\t\t\t<\/div>\n\t\t<\/div>\n\t\t\t\t\t<div class=\"sow-testimonial-wrapper sow-user-left sow-layout-text-above\">\n\t\t\t<div class=\"sow-testimonial\">\n\t\t\t\t\t\t\t\t\t<div class=\"sow-testimonial-text\">\n\t\t\t\t\t\t<p><em>\"J'ai pass\u00e9 mes 3 ann\u00e9es d'\u00e9cole ing\u00e9nieur au sein de Sup Galil\u00e9e en sp\u00e9cialit\u00e9 \u00c9nerg\u00e9tique. C'est une tr\u00e8s bonne \u00e9cole, avec des enseignants chercheurs comp\u00e9tents et bienveillants. La vie \u00e9tudiante est riche et diversifi\u00e9e.\"<\/em><\/p>\n\t\t\t\t\t<\/div>\n\t\t\t\t\n\t\t\t\t<div class=\"sow-testimonial-user\">\n\t\t\t\t\t\n\t\t\t\t\t<div class=\"sow-text\">\n\t\t\t\t\t\t\t\t\t\t\t\t\t<span class=\"sow-testimonial-name\"><strong>Camille Barat (Ancienne \u00e9tudiante en \u00c9nerg\u00e9tique Promotion 2016)<\/strong><\/span>\n\t\t\t\t\t\t\t\t\t\t\t\t\t\t\t\t\t\t\t\t\t\t\t\t\t<span class=\"sow-testimonial-location\">Responsable cellule travaux induits <\/span>\n\t\t\t\t\t\t\t\t\t\t\t\t\t\t\t\t\t<\/div>\n\t\t\t\t<\/div>\n\n\t\t\t\t\t\t\t<\/div>\n\t\t<\/div>\n\t<\/div>\n<\/div><\/div><\/div><\/div><div id=\"pg-11304-13\"  class=\"panel-grid panel-no-style\" ><div id=\"pgc-11304-13-0\"  class=\"panel-grid-cell\" ><div id=\"panel-11304-13-0-0\" class=\"so-panel widget widget_heading panel-first-child panel-last-child\" data-index=\"28\" ><div class=\"thim-widget-heading template-base\"><div class=\"sc_heading  text-left\"><h3 style=\"text-transform: uppercase;\" class=\"title\">Plus de d\u00e9tails<\/h3><span class=\"line\"><\/span><\/div><\/div><\/div><\/div><\/div><div id=\"pg-11304-14\"  class=\"panel-grid panel-no-style\" ><div id=\"pgc-11304-14-0\"  class=\"panel-grid-cell\" ><div id=\"panel-11304-14-0-0\" class=\"so-panel widget widget_sow-button panel-first-child panel-last-child\" data-index=\"29\" ><div\n\t\t\t\n\t\t\tclass=\"so-widget-sow-button so-widget-sow-button-atom-c79703b27520-11304\"\n\t\t\t\n\t\t><div class=\"ow-button-base ow-button-align-center\"\n>\n\t\t\t<a\n\t\t\t\t\thref=\"\/wp-content\/uploads\/2024\/01\/Sup-Galilee-Fiche-formation-Ingenieur-Energetique.pdf\"\n\t\t\t\t\tclass=\"sowb-button ow-icon-placement-top ow-button-hover\" target=\"_blank\" rel=\"noopener noreferrer\" \t>\n\t\t<span>\n\t\t\t<span class=\"sow-icon-elegantline\" data-sow-icon=\"&#xe008;\"\n\t\tstyle=\"\" \n\t\taria-hidden=\"true\"><\/span>\n\t\t\tFiche formation\t\t<\/span>\n\t\t\t<\/a>\n\t<\/div>\n<\/div><\/div><\/div><div id=\"pgc-11304-14-1\"  class=\"panel-grid-cell\" ><div id=\"panel-11304-14-1-0\" class=\"so-panel widget widget_sow-button panel-first-child panel-last-child\" data-index=\"30\" ><div\n\t\t\t\n\t\t\tclass=\"so-widget-sow-button so-widget-sow-button-atom-14e80c19de8f-11304\"\n\t\t\t\n\t\t><div class=\"ow-button-base ow-button-align-center\"\n>\n\t\t\t<a\n\t\t\t\t\thref=\"https:\/\/www.sup-galilee.univ-paris13.fr\/index.php\/formation\/energetique-apprentissage\/controle-des-connaissance-energetique-apprentissage\/\"\n\t\t\t\t\tclass=\"sowb-button ow-icon-placement-top ow-button-hover\" \t>\n\t\t<span>\n\t\t\t<span class=\"sow-icon-elegantline\" data-sow-icon=\"&#xe019;\"\n\t\tstyle=\"\" \n\t\taria-hidden=\"true\"><\/span>\n\t\t\tModalit\u00e9s de contr\u00f4le des connaissances\t\t<\/span>\n\t\t\t<\/a>\n\t<\/div>\n<\/div><\/div><\/div><div id=\"pgc-11304-14-2\"  class=\"panel-grid-cell\" ><div id=\"panel-11304-14-2-0\" class=\"so-panel widget widget_sow-button panel-first-child panel-last-child\" data-index=\"31\" ><div\n\t\t\t\n\t\t\tclass=\"so-widget-sow-button so-widget-sow-button-atom-9261580827f8-11304\"\n\t\t\t\n\t\t><div class=\"ow-button-base ow-button-align-center\"\n>\n\t\t\t<a\n\t\t\t\t\thref=\"\/wp-content\/uploads\/2024\/01\/Organigramme_Sup_Galilee.pdf\"\n\t\t\t\t\tclass=\"sowb-button ow-icon-placement-top ow-button-hover\" target=\"_blank\" rel=\"noopener noreferrer\" \t>\n\t\t<span>\n\t\t\t<span class=\"sow-icon-elegantline\" data-sow-icon=\"&#xe00b;\"\n\t\tstyle=\"\" \n\t\taria-hidden=\"true\"><\/span>\n\t\t\tOrganigramme\t\t<\/span>\n\t\t\t<\/a>\n\t<\/div>\n<\/div><\/div><\/div><\/div><\/div>","protected":false},"excerpt":{"rendered":"<p>Le parcours apprentis de cette sp\u00e9cialit\u00e9 a aujourd\u2019hui le m\u00eame r\u00e9f\u00e9rentiel de comp\u00e9tences que le parcours \u00e9tudiants. Il a pour objectif de r\u00e9pondre aux besoins des pouvoirs publics, des industriels et des entreprises du tertiaire dans le cadre de la &hellip; <\/p>\n","protected":false},"author":1,"featured_media":0,"parent":9025,"menu_order":0,"comment_status":"closed","ping_status":"closed","template":"","meta":{"footnotes":""},"class_list":["post-11304","page","type-page","status-publish","hentry"],"_links":{"self":[{"href":"https:\/\/www.sup-galilee.univ-paris13.fr\/index.php\/wp-json\/wp\/v2\/pages\/11304","targetHints":{"allow":["GET"]}}],"collection":[{"href":"https:\/\/www.sup-galilee.univ-paris13.fr\/index.php\/wp-json\/wp\/v2\/pages"}],"about":[{"href":"https:\/\/www.sup-galilee.univ-paris13.fr\/index.php\/wp-json\/wp\/v2\/types\/page"}],"author":[{"embeddable":true,"href":"https:\/\/www.sup-galilee.univ-paris13.fr\/index.php\/wp-json\/wp\/v2\/users\/1"}],"replies":[{"embeddable":true,"href":"https:\/\/www.sup-galilee.univ-paris13.fr\/index.php\/wp-json\/wp\/v2\/comments?post=11304"}],"version-history":[{"count":76,"href":"https:\/\/www.sup-galilee.univ-paris13.fr\/index.php\/wp-json\/wp\/v2\/pages\/11304\/revisions"}],"predecessor-version":[{"id":14106,"href":"https:\/\/www.sup-galilee.univ-paris13.fr\/index.php\/wp-json\/wp\/v2\/pages\/11304\/revisions\/14106"}],"up":[{"embeddable":true,"href":"https:\/\/www.sup-galilee.univ-paris13.fr\/index.php\/wp-json\/wp\/v2\/pages\/9025"}],"wp:attachment":[{"href":"https:\/\/www.sup-galilee.univ-paris13.fr\/index.php\/wp-json\/wp\/v2\/media?parent=11304"}],"curies":[{"name":"wp","href":"https:\/\/api.w.org\/{rel}","templated":true}]}}